{"id":4,"date":"2014-11-06T08:29:06","date_gmt":"2014-11-06T08:29:06","guid":{"rendered":"http:\/\/tinerimearomana.ro\/orchestra-romana-tineret\/?page_id=4"},"modified":"2025-09-19T09:01:20","modified_gmt":"2025-09-19T09:01:20","slug":"prima-pagina","status":"publish","type":"page","link":"https:\/\/tinerimearomana.ro\/orchestra-romana-tineret\/","title":{"rendered":"Prima pagina"},"content":{"rendered":"\t\t<div data-elementor-type=\"wp-page\" data-elementor-id=\"4\" class=\"elementor elementor-4\">\n\t\t\t\t\t\t<section class=\"elementor-section elementor-top-section elementor-element elementor-element-805098a elementor-section-boxed elementor-section-height-default elementor-section-height-default\" data-id=\"805098a\" data-element_type=\"section\">\n\t\t\t\t\t\t<div class=\"elementor-container elementor-column-gap-default\">\n\t\t\t\t\t<div class=\"elementor-column elementor-col-100 elementor-top-column elementor-element elementor-element-65858a5\" data-id=\"65858a5\" data-element_type=\"column\">\n\t\t\t<div class=\"elementor-widget-wrap elementor-element-populated\">\n\t\t\t\t\t\t<div class=\"elementor-element elementor-element-80eaced elementor-widget elementor-widget-text-editor\" data-id=\"80eaced\" data-element_type=\"widget\" data-widget_type=\"text-editor.default\">\n\t\t\t\t<div class=\"elementor-widget-container\">\n\t\t\t\t\t\t\t\t\t    <video-js id=\"videojs69f5cd69c26c0\" class=\"vjs-big-play-centered\" preload=\"auto\" autoplay loop muted playsinline data-setup='{\"fluid\": true}'>\r\n        <source src=\"https:\/\/tinerimearomana.ro\/wp-content\/uploads\/2014\/11\/orchestra-romana-tineret3.mp4\" type=\"video\/mp4\" \/>\r\n    <\/video-js>\r\n            <style>\r\n        #videojs69f5cd69c26c0 {\r\n            max-width:1200px;   \r\n        }\r\n        <\/style>       \t\t\t\t\t\t\t\t<\/div>\n\t\t\t\t<\/div>\n\t\t\t\t\t<\/div>\n\t\t<\/div>\n\t\t\t\t\t<\/div>\n\t\t<\/section>\n\t\t\t\t<section class=\"elementor-section elementor-top-section elementor-element elementor-element-4a308b02 elementor-section-boxed elementor-section-height-default elementor-section-height-default\" data-id=\"4a308b02\" data-element_type=\"section\">\n\t\t\t\t\t\t<div class=\"elementor-container elementor-column-gap-default\">\n\t\t\t\t\t<div class=\"elementor-column elementor-col-100 elementor-top-column elementor-element elementor-element-63cb6605\" data-id=\"63cb6605\" data-element_type=\"column\">\n\t\t\t<div class=\"elementor-widget-wrap elementor-element-populated\">\n\t\t\t\t\t\t<div class=\"elementor-element elementor-element-36822825 elementor-widget elementor-widget-text-editor\" data-id=\"36822825\" data-element_type=\"widget\" data-widget_type=\"text-editor.default\">\n\t\t\t\t<div class=\"elementor-widget-container\">\n\t\t\t\t\t\t\t\t\t<p><strong style=\"font-family: var( --e-global-typography-text-font-family ), Sans-serif;\">SCURT ISTORIC<\/strong><\/p><p>Orchestra Rom\u00e2n\u0103 de Tineret s-a format \u00een anul 2008 la ini\u021biativa violoncelistului Marin Cazacu, ca un program artistic \u0219i educa\u021bional sprijinit de Funda\u021bia \u201ePrietenii Muzicii \u2013 Serafim Antropov\u201c \u0219i Lanto Communication. Din 2014, func\u0163ioneaz\u0103 sub egida Centrului Na\u021bional de Art\u0103 \u201eTinerimea Rom\u00e2n\u0103\u201c. Acest proiect reune\u0219te cei mai buni tineri muzicieni din Rom\u00e2nia pentru o experien\u021b\u0103 artistic\u0103 unic\u0103 care are ca scop atingerea unui \u00eenalt nivel de performan\u021b\u0103. Orchestra Rom\u00e2n\u0103 de Tineret este considerat\u0103 cea mai bun\u0103 orchestr\u0103 din \u021bar\u0103 din ultimii ani, care s-a remarcat \u00een scurt timp \u0219i pe plan muzical interna\u021bional, apreciat\u0103 de criticii europeni ca fiind un ansamblu de top din lume.<\/p><p>De la \u00eenceput, Cristian Mandeal s-a preocupat de formarea ansamblului. Sub conducerea sa artistic\u0103, orchestra a devenit o poveste de succes din lumea muzical\u0103 rom\u00e2neasc\u0103. Prin perfoman\u021ba de a transforma fiecare concert \u00eentr-un eveniment memorabil, d\u0103ruie\u0219te astfel \u021b\u0103rii o orchestr\u0103 de nivel interna\u021bional care impune un standard prin excelen\u021b\u0103.<\/p><p>\u00cen prezent, proiectul \u201eOrchestra Rom\u00e2n\u0103 de Tineret \u2013 spirit enescian \u015fi tradi\u0163ie european\u0103\u201c implic\u0103 diverse activit\u0103\u021bi de dezvoltare creativ\u0103. Scopul programului este de a oferi posibilitatea de formare a muzicienilor \u00een orchestr\u0103, de a asimila un bogat repertoriu prin participarea la masterclass-uri, \u0219i cel mai important, de a cultiva pl\u0103cerea c\u00e2ntatului \u00een ansamblu al\u0103turi de dirijori \u0219i soli\u0219ti de renume interna\u021bional precum: Cristian Macelaru, Lawrence Foster, Horia Andreescu, Kristjan J\u00e4rvi, Bogdan B\u0103canu, Sarah Chang, Amanda Forsyth, David Garrett, Stefan Geiger, Andrei Ioni\u021b\u0103, Roman Kim, Elizabeth Leonskaja, Ivan Ludlow, Plamena Mangova, Valentina Naforni\u021b\u0103, Olga Pasichnyk, Wave Quartet, Peter Sadlo, Olga Scheps, Emmanuel S\u00e9journ\u00e9, Aleksey Semenenko \u0219i Pinchas Zukerman.<\/p>\t\t\t\t\t\t\t\t<\/div>\n\t\t\t\t<\/div>\n\t\t\t\t\t<\/div>\n\t\t<\/div>\n\t\t\t\t\t<\/div>\n\t\t<\/section>\n\t\t\t\t<section class=\"elementor-section elementor-top-section elementor-element elementor-element-df6556d elementor-section-boxed elementor-section-height-default elementor-section-height-default\" data-id=\"df6556d\" data-element_type=\"section\">\n\t\t\t\t\t\t<div class=\"elementor-container elementor-column-gap-default\">\n\t\t\t\t\t<div class=\"elementor-column elementor-col-50 elementor-top-column elementor-element elementor-element-1fcf1b9\" data-id=\"1fcf1b9\" data-element_type=\"column\">\n\t\t\t<div class=\"elementor-widget-wrap elementor-element-populated\">\n\t\t\t\t\t\t<div class=\"elementor-element elementor-element-1d4a046 elementor-widget elementor-widget-text-editor\" data-id=\"1d4a046\" data-element_type=\"widget\" data-widget_type=\"text-editor.default\">\n\t\t\t\t<div class=\"elementor-widget-container\">\n\t\t\t\t\t\t\t\t\t<p>Rezultatul \u2013 o orchestr\u0103 unic\u0103, aclamat\u0103 la concertele cu sala plin\u0103 de la Ateneul Rom\u00e2n, Sala Radio, Festivalul Interna\u021bional George Enescu \u0219i pe scene intena\u021bionale precum: l\u2019Auditorium Parco della Musica din Roma, Festivalul de la Ravello \u015fi Festivalul Mahler de la Dobbiaco \u2013 Italia, March Music Day de la Ruse, Festivalul Orchestrelor de Tineret de la Milano, Festivalul de la Aix en Provence \u0219i Festivalul Interna\u021bional al Orchestrelor Europene de Tineret Young Euroclassic din Berlin.<\/p>\n<p><\/p>\n<p>Din noiembrie 2011 ansamblul este membru al Federa\u0163iei Europene a Orchestrelor Na\u0163ionale de Tineret \u2013 EFNYO. \u00cen cadrul acestui organism interna\u021bional Orchestra Rom\u00e2n\u0103 de Tineret este participant activ al programului MusXchange, menit s\u0103 asigure o c\u00e2t mai bun\u0103 circula\u021bie a celor mai valoro\u0219i tineri muzicieni \u00een cadrul programelor derulate de orchestrele de tineret din Europa.<\/p>\t\t\t\t\t\t\t\t<\/div>\n\t\t\t\t<\/div>\n\t\t\t\t<div class=\"elementor-element elementor-element-2935337 elementor-widget elementor-widget-text-editor\" data-id=\"2935337\" data-element_type=\"widget\" data-widget_type=\"text-editor.default\">\n\t\t\t\t<div class=\"elementor-widget-container\">\n\t\t\t\t\t\t\t\t\t<p><span style=\"font-family: var( --e-global-typography-text-font-family ), Sans-serif; font-weight: var( --e-global-typography-text-font-weight );\">\u00cencep\u00e2nd din anul 2011 Orchestra Rom\u00e2n\u0103 de Tineret este invitat\u0103 constant \u00een cadrul Festivalului Interna\u021bional George Enescu, marc\u00e2nd de-a lungul anilor numeroase premiere \u00een ceea ce prive\u0219te prezen\u021ba unei orchestre rom\u00e2ne\u0219ti pe marile scene ale Europei, precum Filarmonica din Berlin, Konzerthaus din Berlin, Musikverein \u0219i Konzerthaus din Viena, Marea Sal\u0103 Pierre Boulez a Filarmonicii din Paris, sala Bozar din Bruxelles, Accademia di Santa Cecilia din Roma, al\u0103turi de cele mai importante s\u0103li de concert din importante centre culturale precum, Aix en Provence, Basel, Geneva, Lyon, Rouen, Ruse, Chi\u0219in\u0103u, B\u0103l\u021bi, Milano, Dobbiaco \u0219i Ravello \u00een Italia, Linz, Salzburg, sau din Asia, la Beijing, precum \u0219i din Rom\u00e2nia, la Sinaia, Bra\u0219ov, Bu\u0219teni, Sibiu, Cluj, Ia\u0219i \u0219i Timi\u0219oara.<\/span><\/p><p>\u00cen anul 2019, muzicienii Orchestrei Rom\u00e2ne de Tineret vor fi prezen\u021bi pe noi importante scene din Bulgaria, Macedonia de Nord, Serbia, Germania \u0219i Luxemburg.<\/p><p>Considerat un proiect artistic ajuns la maturitate, Orchestra Rom\u00e2n\u0103 de Tineret \u00ee\u0219i continu\u0103 c\u0103l\u0103toria \u00een lumea muzicii de calitate \u0219i a recunoa\u0219terii interna\u021bionale, fiind un ansamblu educat \u00een spirit profesionist \u0219i \u00eentr-un mediu artistic excep\u021bional.<\/p>\t\t\t\t\t\t\t\t<\/div>\n\t\t\t\t<\/div>\n\t\t\t\t\t<\/div>\n\t\t<\/div>\n\t\t\t\t<div class=\"elementor-column elementor-col-50 elementor-top-column elementor-element elementor-element-62369ae\" data-id=\"62369ae\" data-element_type=\"column\">\n\t\t\t<div class=\"elementor-widget-wrap elementor-element-populated\">\n\t\t\t\t\t\t<section class=\"elementor-section elementor-inner-section elementor-element elementor-element-63c957d elementor-section-boxed elementor-section-height-default elementor-section-height-default\" data-id=\"63c957d\" data-element_type=\"section\">\n\t\t\t\t\t\t<div class=\"elementor-container elementor-column-gap-default\">\n\t\t\t\t\t<div class=\"elementor-column elementor-col-100 elementor-inner-column elementor-element elementor-element-a992708\" data-id=\"a992708\" data-element_type=\"column\">\n\t\t\t<div class=\"elementor-widget-wrap elementor-element-populated\">\n\t\t\t\t\t\t<div class=\"elementor-element elementor-element-40cea40 elementor-widget elementor-widget-text-editor\" data-id=\"40cea40\" data-element_type=\"widget\" data-widget_type=\"text-editor.default\">\n\t\t\t\t<div class=\"elementor-widget-container\">\n\t\t\t\t\t\t\t\t\t<p><div id=\"metaslider-id-2272\" style=\"max-width: 800px;\" class=\"ml-slider-3-106-0 metaslider metaslider-flex metaslider-2272 ml-slider has-dots-nav ms-theme-default\" role=\"region\" aria-label=\"front-page\" data-height=\"500\" data-width=\"800\">\n    <div id=\"metaslider_container_2272\">\n        <div id=\"metaslider_2272\">\n            <ul class='slides'>\n                <li style=\"display: block; width: 100%;\" class=\"slide-2273 ms-image \" aria-roledescription=\"slide\" data-date=\"2021-03-17 09:34:30\" data-filename=\"banner-ORT1-672x420.jpg\" data-slide-type=\"image\"><img fetchpriority=\"high\" decoding=\"async\" src=\"https:\/\/tinerimearomana.ro\/orchestra-romana-tineret\/wp-content\/uploads\/sites\/4\/2015\/01\/banner-ORT1-672x420.jpg\" height=\"500\" width=\"800\" alt=\"\" class=\"slider-2272 slide-2273 msDefaultImage\" title=\"banner-ORT1\" \/><\/li>\n                <li style=\"display: none; width: 100%;\" class=\"slide-2274 ms-image \" aria-roledescription=\"slide\" data-date=\"2021-03-17 09:34:30\" data-filename=\"banner-ORT4-672x420.jpg\" data-slide-type=\"image\"><img decoding=\"async\" src=\"https:\/\/tinerimearomana.ro\/orchestra-romana-tineret\/wp-content\/uploads\/sites\/4\/2015\/01\/banner-ORT4-672x420.jpg\" height=\"500\" width=\"800\" alt=\"\" class=\"slider-2272 slide-2274 msDefaultImage\" title=\"banner-ORT4\" \/><\/li>\n                <li style=\"display: none; width: 100%;\" class=\"slide-2275 ms-image \" aria-roledescription=\"slide\" data-date=\"2021-03-17 09:34:30\" data-filename=\"banner-ORT3-672x420.jpg\" data-slide-type=\"image\"><img decoding=\"async\" src=\"https:\/\/tinerimearomana.ro\/orchestra-romana-tineret\/wp-content\/uploads\/sites\/4\/2015\/01\/banner-ORT3-672x420.jpg\" height=\"500\" width=\"800\" alt=\"\" class=\"slider-2272 slide-2275 msDefaultImage\" title=\"banner-ORT3\" \/><\/li>\n                <li style=\"display: none; width: 100%;\" class=\"slide-2276 ms-image \" aria-roledescription=\"slide\" data-date=\"2021-03-17 09:34:30\" data-filename=\"banner-ORT2-672x420.jpg\" data-slide-type=\"image\"><img loading=\"lazy\" decoding=\"async\" src=\"https:\/\/tinerimearomana.ro\/orchestra-romana-tineret\/wp-content\/uploads\/sites\/4\/2015\/01\/banner-ORT2-672x420.jpg\" height=\"500\" width=\"800\" alt=\"\" class=\"slider-2272 slide-2276 msDefaultImage\" title=\"banner-ORT2\" \/><\/li>\n            <\/ul>\n        <\/div>\n        \n    <\/div>\n<\/div><\/p>\t\t\t\t\t\t\t\t<\/div>\n\t\t\t\t<\/div>\n\t\t\t\t\t<\/div>\n\t\t<\/div>\n\t\t\t\t\t<\/div>\n\t\t<\/section>\n\t\t\t\t<section class=\"elementor-section elementor-inner-section elementor-element elementor-element-acaf521 elementor-section-boxed elementor-section-height-default elementor-section-height-default\" data-id=\"acaf521\" data-element_type=\"section\">\n\t\t\t\t\t\t<div class=\"elementor-container elementor-column-gap-default\">\n\t\t\t\t\t<div class=\"elementor-column elementor-col-50 elementor-inner-column elementor-element elementor-element-1116760\" data-id=\"1116760\" data-element_type=\"column\">\n\t\t\t<div class=\"elementor-widget-wrap elementor-element-populated\">\n\t\t\t\t\t\t<div class=\"elementor-element elementor-element-17137b9 elementor-widget elementor-widget-image\" data-id=\"17137b9\" data-element_type=\"widget\" data-widget_type=\"image.default\">\n\t\t\t\t<div class=\"elementor-widget-container\">\n\t\t\t\t\t\t\t\t\t\t\t\t\t\t\t<img loading=\"lazy\" decoding=\"async\" width=\"300\" height=\"300\" src=\"https:\/\/tinerimearomana.ro\/orchestra-romana-tineret\/wp-content\/uploads\/sites\/4\/2014\/11\/efnyo.jpg\" class=\"attachment-large size-large wp-image-1281\" alt=\"\" srcset=\"https:\/\/tinerimearomana.ro\/orchestra-romana-tineret\/wp-content\/uploads\/sites\/4\/2014\/11\/efnyo.jpg 300w, https:\/\/tinerimearomana.ro\/orchestra-romana-tineret\/wp-content\/uploads\/sites\/4\/2014\/11\/efnyo-150x150.jpg 150w\" sizes=\"(max-width: 300px) 100vw, 300px\" \/>\t\t\t\t\t\t\t\t\t\t\t\t\t\t\t<\/div>\n\t\t\t\t<\/div>\n\t\t\t\t\t<\/div>\n\t\t<\/div>\n\t\t\t\t<div class=\"elementor-column elementor-col-50 elementor-inner-column elementor-element elementor-element-143af55\" data-id=\"143af55\" data-element_type=\"column\">\n\t\t\t<div class=\"elementor-widget-wrap elementor-element-populated\">\n\t\t\t\t\t\t<div class=\"elementor-element elementor-element-a7eb7f4 elementor-widget elementor-widget-image\" data-id=\"a7eb7f4\" data-element_type=\"widget\" data-widget_type=\"image.default\">\n\t\t\t\t<div class=\"elementor-widget-container\">\n\t\t\t\t\t\t\t\t\t\t\t\t\t\t\t<img loading=\"lazy\" decoding=\"async\" width=\"300\" height=\"300\" src=\"https:\/\/tinerimearomana.ro\/orchestra-romana-tineret\/wp-content\/uploads\/sites\/4\/2014\/11\/musxchange.jpg\" class=\"attachment-large size-large wp-image-1282\" alt=\"\" srcset=\"https:\/\/tinerimearomana.ro\/orchestra-romana-tineret\/wp-content\/uploads\/sites\/4\/2014\/11\/musxchange.jpg 300w, https:\/\/tinerimearomana.ro\/orchestra-romana-tineret\/wp-content\/uploads\/sites\/4\/2014\/11\/musxchange-150x150.jpg 150w\" sizes=\"(max-width: 300px) 100vw, 300px\" \/>\t\t\t\t\t\t\t\t\t\t\t\t\t\t\t<\/div>\n\t\t\t\t<\/div>\n\t\t\t\t\t<\/div>\n\t\t<\/div>\n\t\t\t\t\t<\/div>\n\t\t<\/section>\n\t\t\t\t<section class=\"elementor-section elementor-inner-section elementor-element elementor-element-538d8c1 elementor-section-boxed elementor-section-height-default elementor-section-height-default\" data-id=\"538d8c1\" data-element_type=\"section\">\n\t\t\t\t\t\t<div class=\"elementor-container elementor-column-gap-default\">\n\t\t\t\t\t<div class=\"elementor-column elementor-col-100 elementor-inner-column elementor-element elementor-element-59b50c8\" data-id=\"59b50c8\" data-element_type=\"column\">\n\t\t\t<div class=\"elementor-widget-wrap elementor-element-populated\">\n\t\t\t\t\t\t<div class=\"elementor-element elementor-element-8bd0481 elementor-widget elementor-widget-image\" data-id=\"8bd0481\" data-element_type=\"widget\" data-widget_type=\"image.default\">\n\t\t\t\t<div class=\"elementor-widget-container\">\n\t\t\t\t\t\t\t\t\t\t\t\t\t\t\t<img loading=\"lazy\" decoding=\"async\" width=\"600\" height=\"151\" src=\"https:\/\/tinerimearomana.ro\/orchestra-romana-tineret\/wp-content\/uploads\/sites\/4\/2014\/11\/creative_europe_co_funded.jpg\" class=\"attachment-large size-large wp-image-1687\" alt=\"\" srcset=\"https:\/\/tinerimearomana.ro\/orchestra-romana-tineret\/wp-content\/uploads\/sites\/4\/2014\/11\/creative_europe_co_funded.jpg 600w, https:\/\/tinerimearomana.ro\/orchestra-romana-tineret\/wp-content\/uploads\/sites\/4\/2014\/11\/creative_europe_co_funded-300x76.jpg 300w\" sizes=\"(max-width: 600px) 100vw, 600px\" \/>\t\t\t\t\t\t\t\t\t\t\t\t\t\t\t<\/div>\n\t\t\t\t<\/div>\n\t\t\t\t\t<\/div>\n\t\t<\/div>\n\t\t\t\t\t<\/div>\n\t\t<\/section>\n\t\t\t\t\t<\/div>\n\t\t<\/div>\n\t\t\t\t\t<\/div>\n\t\t<\/section>\n\t\t\t\t<\/div>\n\t\t","protected":false},"excerpt":{"rendered":"<p>SCURT ISTORIC Orchestra Rom\u00e2n\u0103 de Tineret s-a format \u00een anul 2008 la ini\u021biativa violoncelistului Marin Cazacu, ca un program artistic \u0219i educa\u021bional sprijinit de Funda\u021bia \u201ePrietenii Muzicii \u2013 Serafim Antropov\u201c \u0219i Lanto Communication. Din 2014, func\u0163ioneaz\u0103 sub egida Centrului Na\u021bional de Art\u0103 \u201eTinerimea Rom\u00e2n\u0103\u201c. Acest proiect reune\u0219te cei mai buni tineri muzicieni din Rom\u00e2nia pentru&#8230;<\/p>\n","protected":false},"author":1,"featured_media":0,"parent":0,"menu_order":0,"comment_status":"closed","ping_status":"closed","template":"","meta":{"_kad_post_transparent":"default","_kad_post_title":"hide","_kad_post_layout":"default","_kad_post_sidebar_id":"","_kad_post_content_style":"default","_kad_post_vertical_padding":"default","_kad_post_feature":"","_kad_post_feature_position":"","_kad_post_header":false,"_kad_post_footer":false,"_kad_post_classname":"","footnotes":""},"class_list":["post-4","page","type-page","status-publish","hentry"],"_links":{"self":[{"href":"https:\/\/tinerimearomana.ro\/orchestra-romana-tineret\/wp-json\/wp\/v2\/pages\/4"}],"collection":[{"href":"https:\/\/tinerimearomana.ro\/orchestra-romana-tineret\/wp-json\/wp\/v2\/pages"}],"about":[{"href":"https:\/\/tinerimearomana.ro\/orchestra-romana-tineret\/wp-json\/wp\/v2\/types\/page"}],"author":[{"embeddable":true,"href":"https:\/\/tinerimearomana.ro\/orchestra-romana-tineret\/wp-json\/wp\/v2\/users\/1"}],"replies":[{"embeddable":true,"href":"https:\/\/tinerimearomana.ro\/orchestra-romana-tineret\/wp-json\/wp\/v2\/comments?post=4"}],"version-history":[{"count":49,"href":"https:\/\/tinerimearomana.ro\/orchestra-romana-tineret\/wp-json\/wp\/v2\/pages\/4\/revisions"}],"predecessor-version":[{"id":2913,"href":"https:\/\/tinerimearomana.ro\/orchestra-romana-tineret\/wp-json\/wp\/v2\/pages\/4\/revisions\/2913"}],"wp:attachment":[{"href":"https:\/\/tinerimearomana.ro\/orchestra-romana-tineret\/wp-json\/wp\/v2\/media?parent=4"}],"curies":[{"name":"wp","href":"https:\/\/api.w.org\/{rel}","templated":true}]}}