{"id":141,"date":"2014-11-13T15:10:15","date_gmt":"2014-11-13T15:10:15","guid":{"rendered":"http:\/\/tinerimearomana.ro\/orchestra-romana-tineret\/?page_id=141"},"modified":"2023-03-18T09:27:29","modified_gmt":"2023-03-18T09:27:29","slug":"profesori-echipa","status":"publish","type":"page","link":"https:\/\/tinerimearomana.ro\/orchestra-romana-tineret\/despre-noi\/profesori-echipa\/","title":{"rendered":"PROFESORI &#038; ECHIPA"},"content":{"rendered":"\t\t<div data-elementor-type=\"wp-page\" data-elementor-id=\"141\" class=\"elementor elementor-141\">\n\t\t\t\t\t\t<section class=\"elementor-section elementor-top-section elementor-element elementor-element-ce4ce3f elementor-section-boxed elementor-section-height-default elementor-section-height-default\" data-id=\"ce4ce3f\" data-element_type=\"section\">\n\t\t\t\t\t\t<div class=\"elementor-container elementor-column-gap-default\">\n\t\t\t\t\t<div class=\"elementor-column elementor-col-33 elementor-top-column elementor-element elementor-element-1c2b5e3\" data-id=\"1c2b5e3\" data-element_type=\"column\">\n\t\t\t<div class=\"elementor-widget-wrap elementor-element-populated\">\n\t\t\t\t\t\t<div class=\"elementor-element elementor-element-167c978 elementor-widget elementor-widget-image\" data-id=\"167c978\" data-element_type=\"widget\" data-widget_type=\"image.default\">\n\t\t\t\t<div class=\"elementor-widget-container\">\n\t\t\t\t\t\t\t\t\t\t\t\t\t\t\t<img decoding=\"async\" width=\"218\" height=\"222\" src=\"https:\/\/tinerimearomana.ro\/orchestra-romana-tineret\/wp-content\/uploads\/sites\/4\/2014\/11\/foto-3.jpg\" class=\"attachment-large size-large wp-image-200\" alt=\"\" \/>\t\t\t\t\t\t\t\t\t\t\t\t\t\t\t<\/div>\n\t\t\t\t<\/div>\n\t\t\t\t\t<\/div>\n\t\t<\/div>\n\t\t\t\t<div class=\"elementor-column elementor-col-66 elementor-top-column elementor-element elementor-element-0d27c60\" data-id=\"0d27c60\" data-element_type=\"column\">\n\t\t\t<div class=\"elementor-widget-wrap elementor-element-populated\">\n\t\t\t\t\t\t<div class=\"elementor-element elementor-element-9e79670 elementor-widget elementor-widget-heading\" data-id=\"9e79670\" data-element_type=\"widget\" data-widget_type=\"heading.default\">\n\t\t\t\t<div class=\"elementor-widget-container\">\n\t\t\t\t\t<h2 class=\"elementor-heading-title elementor-size-default\">LIVIU PRUNARU - PROFESOR DE VIOARA<\/h2>\t\t\t\t<\/div>\n\t\t\t\t<\/div>\n\t\t\t\t<div class=\"elementor-element elementor-element-f79296c elementor-widget elementor-widget-text-editor\" data-id=\"f79296c\" data-element_type=\"widget\" data-widget_type=\"text-editor.default\">\n\t\t\t\t<div class=\"elementor-widget-container\">\n\t\t\t\t\t\t\t\t\t<p>Liviu Prunaru a \u00eenceput studiul viorii la 6 ani cu profesorul Opri\u015fan; a mai studiat cu profesorii Berbec, Mailat, Carpen \u015fi Bronzetti. \u00cen 1990, Alberto Lysy l-a invitat s\u0103 studieze cu el la Academia Menuhin din Gstaad, Elve\u0163ia, unde a lucrat sub \u00eendrumarea lui Yehudi Menuhin, Igor Oistrah, Ruggiero Ricci, Nikita Magalov, Jean-Pierre Rampal \u015fi Pierre Amoyal.<\/p><p>A ob\u0163inut premii \u00een cele mai prestigioase concursuri interna\u0163ionale de vioar\u0103 din lume : Concursul \u201eLipizer\u201c din Gorizia (Italia) \u015fi Concursul \u201eMolinari\u201c din Elve\u0163ia (1991); Concursul \u201eReine Elisabeth\u201c din Bruxelles (1993); Concursul \u201eDong-A\u201c din Coreea (1997) ; Concursul interna\u0163ional de la Indianapolis, SUA (1998) ; Concursurile Juilliard-Mendelssohn \u015fi Nakamichi-Wieniawski, SUA (1999). \u00cen 1999 \u00ee\u015fi face debutul la Lincoln Center\u2019s Tully Hall din New York cu Juilliard Symphony. S-a perfec\u0163ionat la New York cu profesoara Dorothy Delay \u015fi violonistul Itzakh Perlman.<\/p>\t\t\t\t\t\t\t\t<\/div>\n\t\t\t\t<\/div>\n\t\t\t\t<div class=\"elementor-element elementor-element-5e3482a elementor-widget elementor-widget-text-editor\" data-id=\"5e3482a\" data-element_type=\"widget\" data-widget_type=\"text-editor.default\">\n\t\t\t\t<div class=\"elementor-widget-container\">\n\t\t\t\t\t\t\t\t\t<p><span style=\"font-family: var( --e-global-typography-text-font-family ), Sans-serif; font-weight: var( --e-global-typography-text-font-weight );\">A c\u00e2ntat ca solist cu Royal Philharmonic Orchestra, London Symphony Orchestra, Westdeutsche Sinfonia, Belgium National Orchestra, orchestrele simfonice din Atena, Bari, Buenos Aires, sub bagheta lui Yehudi Menuhin, Yuri Simonov, Andrew Litton, Peter Braschkat, Georges Octors, Cristian Mandeal, Lukas Vis, Horia Andreescu, Mario Benzecry \u015f. a.<\/span><br><\/p>\n<p>A participat la numeroase festivaluri (Aspen, Menuhin, Enescu, Salzburg, Wallonie, Flanders, Buenos Aires, Ascoli). Fost asistent la clasa Dorothy Delay, p\u00e2n\u0103 \u00een 2001 la Juilliard School din New York, \u00een prezent este profesor la Academia Menuhin din Elve\u0163ia. A \u00eenregistrat concerte pentru vioar\u0103 pentru casa de discuri Claves. \u00cen februarie 2005 a lansat patru CD-uri cu integrala sonatelor de Beethoven (Editura Casa Radio din Bucure\u015fti).<\/p>\n<p>\u00cencep\u00e2nd din 2006, Liviu Prunaru este concert maestru la Concertgebouorkest din Amsterdam.<\/p>\t\t\t\t\t\t\t\t<\/div>\n\t\t\t\t<\/div>\n\t\t\t\t\t<\/div>\n\t\t<\/div>\n\t\t\t\t\t<\/div>\n\t\t<\/section>\n\t\t\t\t<section class=\"elementor-section elementor-top-section elementor-element elementor-element-096b976 elementor-section-boxed elementor-section-height-default elementor-section-height-default\" data-id=\"096b976\" data-element_type=\"section\">\n\t\t\t\t\t\t<div class=\"elementor-container elementor-column-gap-default\">\n\t\t\t\t\t<div class=\"elementor-column elementor-col-33 elementor-top-column elementor-element elementor-element-cc8fab1\" data-id=\"cc8fab1\" data-element_type=\"column\">\n\t\t\t<div class=\"elementor-widget-wrap elementor-element-populated\">\n\t\t\t\t\t\t<div class=\"elementor-element elementor-element-964444a elementor-widget elementor-widget-image\" data-id=\"964444a\" data-element_type=\"widget\" data-widget_type=\"image.default\">\n\t\t\t\t<div class=\"elementor-widget-container\">\n\t\t\t\t\t\t\t\t\t\t\t\t\t\t\t<img decoding=\"async\" width=\"218\" height=\"222\" src=\"https:\/\/tinerimearomana.ro\/orchestra-romana-tineret\/wp-content\/uploads\/sites\/4\/2014\/11\/foto-6.jpg\" class=\"attachment-large size-large wp-image-198\" alt=\"\" \/>\t\t\t\t\t\t\t\t\t\t\t\t\t\t\t<\/div>\n\t\t\t\t<\/div>\n\t\t\t\t\t<\/div>\n\t\t<\/div>\n\t\t\t\t<div class=\"elementor-column elementor-col-66 elementor-top-column elementor-element elementor-element-b8c2a3c\" data-id=\"b8c2a3c\" data-element_type=\"column\">\n\t\t\t<div class=\"elementor-widget-wrap elementor-element-populated\">\n\t\t\t\t\t\t<div class=\"elementor-element elementor-element-42d41cd elementor-widget elementor-widget-heading\" data-id=\"42d41cd\" data-element_type=\"widget\" data-widget_type=\"heading.default\">\n\t\t\t\t<div class=\"elementor-widget-container\">\n\t\t\t\t\t<h2 class=\"elementor-heading-title elementor-size-default\">DORIN MARC - PROFESOR DE CONTRABAS<\/h2>\t\t\t\t<\/div>\n\t\t\t\t<\/div>\n\t\t\t\t<div class=\"elementor-element elementor-element-2f7fcda elementor-widget elementor-widget-text-editor\" data-id=\"2f7fcda\" data-element_type=\"widget\" data-widget_type=\"text-editor.default\">\n\t\t\t\t<div class=\"elementor-widget-container\">\n\t\t\t\t\t\t\t\t\t<p>Dorin Marc s-a n\u0103scut la Bratca \u2013 Bihor. A absolvit clasa de contrabas la Universitatea Na\u0163ional\u0103 de Muzic\u0103 din Bucure\u015fti (prof. Ion Cheptea), apoi a activat \u00een cadrul Filarmonicii din Cluj (1981-1992) \u015fi, \u00een paralel, ca solist contrabasist \u00een Orchestra Interna\u0163ional\u0103 a Italiei (1987-1992), pentru ca \u00een perioada 1992-2003 s\u0103 evolueze \u00een aceea\u015fi postur\u0103 la Filarmonica din Munchen.<\/p><p>\u00cen 1998 a fost docent la Academia de Muzic\u0103 din Nurnberg unde din 2003 a devenit profesor. \u00cenc\u0103 din anii de studiu a ob\u0163inut Premiul I la competi\u0163iile na\u0163ionale, \u00een 1968 a primit Premiul criticii muzicale, iar pe plan interna\u0163ional a cucerit laurii concursurilor de mare prestigiu de la Markneukirchen \u2013 Germania (1979, 1981), Geneva \u2013 Elvetia (1978, 1983), ARD Munchen (1979, 1985), Mittenwald \u2013 Germania (1991 \u2013 ob\u0163in\u00e2nd pe l\u00e2ng\u0103 Premiul I \u015fi statutul de membru pe via\u0163\u0103 \u00een Societatea Interna\u0163ional\u0103 a Contrabasi\u015ftilor).<\/p>\t\t\t\t\t\t\t\t<\/div>\n\t\t\t\t<\/div>\n\t\t\t\t<div class=\"elementor-element elementor-element-79f3cd9 elementor-widget elementor-widget-text-editor\" data-id=\"79f3cd9\" data-element_type=\"widget\" data-widget_type=\"text-editor.default\">\n\t\t\t\t<div class=\"elementor-widget-container\">\n\t\t\t\t\t\t\t\t\t<p><span style=\"font-family: var( --e-global-typography-text-font-family ), Sans-serif; font-weight: var( --e-global-typography-text-font-weight );\">A sus\u0163inut numeroase concerte \u00een compania filarmonicilor din \u0163ar\u0103, dar \u015fi al\u0103turi de orchestre din Bulgaria, Germania, Elve\u0163ia, Fran\u0163a, Italia, Ungaria, Spania, Suedia, Danemarca, realiz\u00e2nd de asemenea \u00eenregistr\u0103ri la radiodifuziunile din Rom\u00e2nia, Leipzig, Munchen \u015fi Frankfurt, la televiziunea elve\u0163ian\u0103, dar \u015fi pentru discul editat la \u201eElectrecord\u201d cu Cvartetul de contraba\u015fi \u201eMobile\u201d.<\/span><\/p><p>A sus\u0163inut cursuri de m\u0103iestrie \u00een Germania (Koblenz, Kirchseeon), Italia (Lanciano, Fermo, Pescara, Bologna, Mantova, Piacenta), Suedia (Malmo), Spania (San Sebastian), precum \u015fi la Sinaia \u015fi Bucure\u015fti.<\/p>\t\t\t\t\t\t\t\t<\/div>\n\t\t\t\t<\/div>\n\t\t\t\t\t<\/div>\n\t\t<\/div>\n\t\t\t\t\t<\/div>\n\t\t<\/section>\n\t\t\t\t<section class=\"elementor-section elementor-top-section elementor-element elementor-element-0639d74 elementor-section-boxed elementor-section-height-default elementor-section-height-default\" data-id=\"0639d74\" data-element_type=\"section\">\n\t\t\t\t\t\t<div class=\"elementor-container elementor-column-gap-default\">\n\t\t\t\t\t<div class=\"elementor-column elementor-col-33 elementor-top-column elementor-element elementor-element-6ddd3ea\" data-id=\"6ddd3ea\" data-element_type=\"column\">\n\t\t\t<div class=\"elementor-widget-wrap elementor-element-populated\">\n\t\t\t\t\t\t<div class=\"elementor-element elementor-element-2ad55c8 elementor-widget elementor-widget-image\" data-id=\"2ad55c8\" data-element_type=\"widget\" data-widget_type=\"image.default\">\n\t\t\t\t<div class=\"elementor-widget-container\">\n\t\t\t\t\t\t\t\t\t\t\t\t\t\t\t<img decoding=\"async\" width=\"218\" height=\"222\" src=\"https:\/\/tinerimearomana.ro\/orchestra-romana-tineret\/wp-content\/uploads\/sites\/4\/2014\/11\/foto-5.jpg\" class=\"attachment-large size-large wp-image-197\" alt=\"\" \/>\t\t\t\t\t\t\t\t\t\t\t\t\t\t\t<\/div>\n\t\t\t\t<\/div>\n\t\t\t\t\t<\/div>\n\t\t<\/div>\n\t\t\t\t<div class=\"elementor-column elementor-col-66 elementor-top-column elementor-element elementor-element-3fe9c4f\" data-id=\"3fe9c4f\" data-element_type=\"column\">\n\t\t\t<div class=\"elementor-widget-wrap elementor-element-populated\">\n\t\t\t\t\t\t<div class=\"elementor-element elementor-element-853bd72 elementor-widget elementor-widget-heading\" data-id=\"853bd72\" data-element_type=\"widget\" data-widget_type=\"heading.default\">\n\t\t\t\t<div class=\"elementor-widget-container\">\n\t\t\t\t\t<h2 class=\"elementor-heading-title elementor-size-default\">MARIN CAZACU - PROFESOR DE VIOLONCEL<\/h2>\t\t\t\t<\/div>\n\t\t\t\t<\/div>\n\t\t\t\t<div class=\"elementor-element elementor-element-ff00128 elementor-widget elementor-widget-text-editor\" data-id=\"ff00128\" data-element_type=\"widget\" data-widget_type=\"text-editor.default\">\n\t\t\t\t<div class=\"elementor-widget-container\">\n\t\t\t\t\t\t\t\t\t<p>Marin Cazacu a studiat violoncelul la Liceul de Muzic\u0103 din Bucure\u015fti cu profesorul Ion Urcan, apoi la Universitatea Na\u0163ional\u0103 de Muzic\u0103 din Bucure\u015fti,cu renumi\u0163ii profesori Serafim Antropov \u015fi Aurel Niculescu. S-a perfec\u0163ionat la Weimar cu profesorul Mez\u00f6 L\u00e1szlo \u015fi a fost asistentul maestrului Radu Aldulescu la cursuri de m\u0103iestrie. Marin Cazacu este laureat al concursurilor interna\u0163ionale de la Geneva, Markneukirchen, Leipzig, Bologna, Belgrad.<\/p><p>Din 1983 este solist al Filarmonicii \u201eGeorge Enescu\u201c din Bucure\u015fti \u015fi desf\u0103\u015foar\u0103 o activitate intens\u0103 at\u00e2t \u00een Rom\u00e2nia, c\u00e2t \u015fi \u00een str\u0103in\u0103tate, sub bagheta unor mari dirijori: Ghenadi Rojdestvenski, Sergiu Comissiona, Lu Jin, Nanse Gum, Cristian Mandeal, Horia Andreescu, Antoni Ros Marba, Mendi Rodan, Misha Katz, Jean P\u00e9risson.<\/p><p>A c\u00e2ntat al\u0103turi de arti\u015fti prestigio\u015fi ca Vladimir Orlov, Valentin Gheorghiu, Radu Aldulescu, Mihaela Martin, Mirel Iancovici, Ilia Grubert, Jeremy Menuhin \u015fi ca membru al forma\u0163iei \u201ePro Arte\u201c \u015fi colaborator al cvartetului \u201eVoces\u201c, precun \u015fi la mari festivaluri europene (M\u00fcnchen, Berlin, Milano, Vene\u0163ia, Valencia, Bratislava, Sofia).<\/p><p>Din anul 1992 pred\u0103 violoncelul la Universitatea Na\u0163ional\u0103 de Muzic\u0103 din Bucure\u015fti. \u00cen 1998 a fondat cvartetul \u201eCellissimo\u201c \u2013 \u00eempreun\u0103 cu Alexandra Gu\u0163u, R\u0103zvan Suma \u015fi Olga M\u0103nescu \u2013 forma\u0163ie cu care a concertat la festivalurile de la Vene\u0163ia, Mateus (Portugalia), Macao, Singapore, Istanbul, Madrid \u015fi Rom\u00e2nia, iar cu studen\u0163ii s\u0103i sus\u0163ine recitaluri de la 8 la 12 violoncele \u00een forma\u0163ia \u201eVioloncellissimo\u201c. A \u00eenregistrat pentru \u201eElectrecord\u201c \u015fi \u201eOlympia\u201c.<\/p><p>In anul 2006, Marin Cazacu a ob\u0163inut titlul de Doctor \u00een muzic\u0103 sub \u00eendrumarea prof. doctor Octavian Laz\u0103r Cosma.<\/p>\t\t\t\t\t\t\t\t<\/div>\n\t\t\t\t<\/div>\n\t\t\t\t\t<\/div>\n\t\t<\/div>\n\t\t\t\t\t<\/div>\n\t\t<\/section>\n\t\t\t\t<section class=\"elementor-section elementor-top-section elementor-element elementor-element-2e235b3 elementor-section-boxed elementor-section-height-default elementor-section-height-default\" data-id=\"2e235b3\" data-element_type=\"section\">\n\t\t\t\t\t\t<div class=\"elementor-container elementor-column-gap-default\">\n\t\t\t\t\t<div class=\"elementor-column elementor-col-33 elementor-top-column elementor-element elementor-element-92ec01b\" data-id=\"92ec01b\" data-element_type=\"column\">\n\t\t\t<div class=\"elementor-widget-wrap elementor-element-populated\">\n\t\t\t\t\t\t<div class=\"elementor-element elementor-element-6cd5e25 elementor-widget elementor-widget-image\" data-id=\"6cd5e25\" data-element_type=\"widget\" data-widget_type=\"image.default\">\n\t\t\t\t<div class=\"elementor-widget-container\">\n\t\t\t\t\t\t\t\t\t\t\t\t\t\t\t<img loading=\"lazy\" decoding=\"async\" width=\"218\" height=\"222\" src=\"https:\/\/tinerimearomana.ro\/orchestra-romana-tineret\/wp-content\/uploads\/sites\/4\/2014\/11\/foto-2.jpg\" class=\"attachment-large size-large wp-image-199\" alt=\"\" \/>\t\t\t\t\t\t\t\t\t\t\t\t\t\t\t<\/div>\n\t\t\t\t<\/div>\n\t\t\t\t\t<\/div>\n\t\t<\/div>\n\t\t\t\t<div class=\"elementor-column elementor-col-66 elementor-top-column elementor-element elementor-element-1d04f90\" data-id=\"1d04f90\" data-element_type=\"column\">\n\t\t\t<div class=\"elementor-widget-wrap elementor-element-populated\">\n\t\t\t\t\t\t<div class=\"elementor-element elementor-element-b13fbb3 elementor-widget elementor-widget-heading\" data-id=\"b13fbb3\" data-element_type=\"widget\" data-widget_type=\"heading.default\">\n\t\t\t\t<div class=\"elementor-widget-container\">\n\t\t\t\t\t<h2 class=\"elementor-heading-title elementor-size-default\">STEFAN GEIGER - PROFESOR DE TROMBON<\/h2>\t\t\t\t<\/div>\n\t\t\t\t<\/div>\n\t\t\t\t<div class=\"elementor-element elementor-element-0de3b4f elementor-widget elementor-widget-text-editor\" data-id=\"0de3b4f\" data-element_type=\"widget\" data-widget_type=\"text-editor.default\">\n\t\t\t\t<div class=\"elementor-widget-container\">\n\t\t\t\t\t\t\t\t\t<p>Stefan Geiger s-a format ca muzician \u00een ora\u015fele universitare K\u00f6ln, Paris si Philadelphia.<\/p><p>Printre profesorii sai se numar\u0103 Branimir Slokar (trombon) \u015fi Peter E\u00f6tv\u00f6s (dirijor). A fost bursier al \u201eStudienstiftung des deutschen Volkes\u201c \u015fi laureat al mai multor concursuri interna\u0163ionale pentru\u00a0trombon. Stefan Geiger \u015fi-a \u00eenceput cariera ca prim trombonist la Bayerische Staatsoper M\u00fcnchen,\u00a0iar in scurt timp a devenit profesor de trombon \u015fi muzic\u0103 de camer\u0103 la \u201eHochschule f\u00fcr Musik und\u00a0Theater\u201c, Hamburg.<\/p><p>Ca dirijor s-a dedicat at\u00e2t muzicii noi c\u00e2t \u015fi repertoriului clasic, colabor\u00e2nd cu orchestre de renume\u00a0precum \u201eSinfonieorchester des Norddeutschen Rundfunks Hamburg\u201c, \u201eW\u00fcrzburger Philharmoniker\u201c, \u201eN\u00fcrnberger Symphoniker\u201c, \u201eOrquestra de C\u00e2mara da Cidade de Curitiba\u201c, \u201eParan\u00e1 State Symphony\u00a0Orchestra\u201c sau \u201eEnsemble Resonanz\u201c.<\/p><p>Din 2002, artistul conduce \u201cLandesjugendorchester Bremen\u201d \/ Orchestra de Tineret din Bremen, cu care a avut performan\u0163e remarcabile. De asemenea, cu sprijinul \u201eNorddeutscher Rundfunk\u201c, realizeaz\u0103 proiecte \u00een cadrul renumitei serii de concerte \u201edas neue\u00a0werk\u201c.<\/p><p>\u00cen 2011, a fost invitat pentru prima dat\u0103 \u00een Rom\u00e2nia unde a lucrat cu \u201eOrchestra Rom\u00e2n\u0103 de Tineret\u201c,\u00a0\u00een cadrul Festivalului Interna\u0163ional \u201cEnescu \u015fi Muzica Lumii\u201d, organizat la Sinaia. Tot \u00een 2011, a fost\u00a0invitat de Goethe-Institut pentru a conduce un workshop de trombon la Universitatea Na\u0163ional\u0103 de\u00a0Muzic\u0103 din Bucure\u015fti.<\/p>\t\t\t\t\t\t\t\t<\/div>\n\t\t\t\t<\/div>\n\t\t\t\t\t<\/div>\n\t\t<\/div>\n\t\t\t\t\t<\/div>\n\t\t<\/section>\n\t\t\t\t<\/div>\n\t\t","protected":false},"excerpt":{"rendered":"<p>LIVIU PRUNARU &#8211; PROFESOR DE VIOARA Liviu Prunaru a \u00eenceput studiul viorii la 6 ani cu profesorul Opri\u015fan; a mai studiat cu profesorii Berbec, Mailat, Carpen \u015fi Bronzetti. \u00cen 1990, Alberto Lysy l-a invitat s\u0103 studieze cu el la Academia Menuhin din Gstaad, Elve\u0163ia, unde a lucrat sub \u00eendrumarea lui Yehudi Menuhin, Igor Oistrah, Ruggiero&#8230;<\/p>\n","protected":false},"author":1,"featured_media":1943,"parent":6,"menu_order":0,"comment_status":"open","ping_status":"closed","template":"","meta":{"_kad_post_transparent":"default","_kad_post_title":"default","_kad_post_layout":"default","_kad_post_sidebar_id":"","_kad_post_content_style":"default","_kad_post_vertical_padding":"default","_kad_post_feature":"","_kad_post_feature_position":"","_kad_post_header":false,"_kad_post_footer":false,"_kad_post_classname":"","footnotes":""},"class_list":["post-141","page","type-page","status-publish","has-post-thumbnail","hentry"],"_links":{"self":[{"href":"https:\/\/tinerimearomana.ro\/orchestra-romana-tineret\/wp-json\/wp\/v2\/pages\/141"}],"collection":[{"href":"https:\/\/tinerimearomana.ro\/orchestra-romana-tineret\/wp-json\/wp\/v2\/pages"}],"about":[{"href":"https:\/\/tinerimearomana.ro\/orchestra-romana-tineret\/wp-json\/wp\/v2\/types\/page"}],"author":[{"embeddable":true,"href":"https:\/\/tinerimearomana.ro\/orchestra-romana-tineret\/wp-json\/wp\/v2\/users\/1"}],"replies":[{"embeddable":true,"href":"https:\/\/tinerimearomana.ro\/orchestra-romana-tineret\/wp-json\/wp\/v2\/comments?post=141"}],"version-history":[{"count":17,"href":"https:\/\/tinerimearomana.ro\/orchestra-romana-tineret\/wp-json\/wp\/v2\/pages\/141\/revisions"}],"predecessor-version":[{"id":2596,"href":"https:\/\/tinerimearomana.ro\/orchestra-romana-tineret\/wp-json\/wp\/v2\/pages\/141\/revisions\/2596"}],"up":[{"embeddable":true,"href":"https:\/\/tinerimearomana.ro\/orchestra-romana-tineret\/wp-json\/wp\/v2\/pages\/6"}],"wp:featuredmedia":[{"embeddable":true,"href":"https:\/\/tinerimearomana.ro\/orchestra-romana-tineret\/wp-json\/wp\/v2\/media\/1943"}],"wp:attachment":[{"href":"https:\/\/tinerimearomana.ro\/orchestra-romana-tineret\/wp-json\/wp\/v2\/media?parent=141"}],"curies":[{"name":"wp","href":"https:\/\/api.w.org\/{rel}","templated":true}]}}