{"id":139,"date":"2014-11-13T15:09:47","date_gmt":"2014-11-13T15:09:47","guid":{"rendered":"http:\/\/tinerimearomana.ro\/orchestra-romana-tineret\/?page_id=139"},"modified":"2023-03-18T12:47:28","modified_gmt":"2023-03-18T12:47:28","slug":"muzicieni","status":"publish","type":"page","link":"https:\/\/tinerimearomana.ro\/orchestra-romana-tineret\/despre-noi\/muzicieni\/","title":{"rendered":"MUZICIENI"},"content":{"rendered":"<div class=\"su-row\">\n<div class=\"su-column su-column-size-1-6\"><div class=\"su-column-inner su-u-clearfix su-u-trim\">\n<strong>Vioar\u0103<\/strong><br \/>\nRoxana Oprea<br \/>\nRafael Butaru<br \/>\nSimina Croitoru<br \/>\nRadu Dunca<br \/>\nGhind\u0103 Iulia<br \/>\nAna Maria T\u0103nase<br \/>\nDariu Cifor<br \/>\nAndra Lucia Andrei<br \/>\nRadu Ropotan<br \/>\nC\u0103t\u0103lina C\u00eerciu<br \/>\nVlad Baciu<br \/>\nCiprian \u0218tefan Orave\u021b<br \/>\nIoana Olteanu<br \/>\nCaius Hiticas<br \/>\nDaniela Ni\u021b\u0103<br \/>\nAron Cavasi<br \/>\nFrancesco Iona\u0219cu<br \/>\nLaura \u0218andru<br \/>\nVadim Grumeza<br \/>\nBeatrice Gagiu<br \/>\nR\u0103zvan Anem\u0163oaei<br \/>\nCristian Moldovan<br \/>\nAna Maria Marian<br \/>\nRoxana Curtgeafar<br \/>\nIulia Cazacu<br \/>\nAlexandra Dragomir<br \/>\nPaul Moldovan<br \/>\nNicoleta Petre<br \/>\nAndreea M\u0103z\u0103reanu<br \/>\nAnca Sinaci<br \/>\nCorina Tof\u0103nel<br \/>\nBuc\u015fe Krisztina<br \/>\nIolanta Eremie<br \/>\nRemus Ga\u0219par<br \/>\n\u0218arpe Cristina Nicoleta<br \/>\nFejer Arpad Attila<br \/>\nAna-Maria \u0162ipeanu<br \/>\nAlexandru Cozma<br \/>\n\u0218tefan Ro\u0219u<br \/>\nCiprian Balint<br \/>\nLaura Marina Albu<br \/>\n<\/div><\/div><div class=\"su-column su-column-size-1-6\"><div class=\"su-column-inner su-u-clearfix su-u-trim\">\n<strong>Viola<\/strong><br \/>\nAdrian Vasile<br \/>\nTamara Dica<br \/>\nOvidiu Achim<br \/>\nCristian Suara\u015fan<br \/>\nOvidiu Costea<br \/>\nLoredana Apetrei<br \/>\nMarcel Cameni\u021b\u0103<br \/>\nGeorgiana Iulia Bordeianu<br \/>\nMonica Bejenaru<br \/>\nMihai O\u0219vat<br \/>\nCosmia St\u00e2ng\u0103<br \/>\nF\u0103g\u0103ra\u0219 Bogdan<br \/>\nGabriel Sili\u0219teanu<br \/>\nMihaela Moscalu<br \/>\nAna Larisa Iordache<br \/>\nTheodor Andreescu<br \/>\nSorin Spasinovici<\/p>\n<p><strong>Clarinet<\/strong><br \/>\nR\u0103zvan Poptean<br \/>\nAurelian B\u0103can<br \/>\nAlexandru Avramovici<br \/>\nRadu Grelu\u0219<br \/>\n\u0218tefan Voinic<\/p>\n<p><strong>Tub\u0103<\/strong><br \/>\nAlexandru Corlan<\/p>\n<\/div><\/div><div class=\"su-column su-column-size-1-6\"><div class=\"su-column-inner su-u-clearfix su-u-trim\">\n<\/div><\/div>\n<div class=\"su-column su-column-size-1-6\"><div class=\"su-column-inner su-u-clearfix su-u-trim\">\n<strong>Violoncel<\/strong><br \/>\n\u0218tefan Cazacu<br \/>\nMircea Marian<br \/>\nRadu Sinaci<br \/>\nElla Bokor<br \/>\nOctavian Lup<br \/>\nAdrian Precup<br \/>\nIoana Stanciuc<br \/>\nDiana Petre<br \/>\nTitus Tincu<br \/>\nHora\u021biu Ludu\u0219an<br \/>\nRadu Croitoru<br \/>\nConstantin Borodin<br \/>\nMihai Grigore<br \/>\nAlexandru Totan<\/p>\n<p><strong>Fagot<\/strong><br \/>\nIonu\u021b Mardare<br \/>\nAlexandra Neaga<br \/>\nAdrian Moisuc<br \/>\nIulian Ni\u021bic\u0103<\/p>\n<p><strong>Percu\u021bie<\/strong><br \/>\nBogdan Pop<br \/>\nAndrei Marcovici<br \/>\nAlexandru Stroe<br \/>\nDaraban Ioan<br \/>\nAlex Popovici<br \/>\nIlinca Lorentz<br \/>\nIrina R\u0103dulescu<br \/>\nIoana V\u0103leanu<\/p>\n<\/div><\/div>\n<div class=\"su-column su-column-size-1-6\"><div class=\"su-column-inner su-u-clearfix su-u-trim\">\n<strong>Contrabas<\/strong><br \/>\nCezar Knihinski<br \/>\nAndrei George Ni\u0163ic\u0103<br \/>\nVictor Savca<br \/>\nMaxim Octavian<br \/>\nDumitrana Daniel<br \/>\nAndrein Cerevcov<br \/>\n\u0162u\u0163 Mihai Iulian<br \/>\nAdrian Muntean<\/p>\n<p><strong>Corn<\/strong><br \/>\nCristian Borcan<br \/>\nVlad Buzdugan<br \/>\nValentin Gavril\u0103<br \/>\nBarta Tivadar<br \/>\nAndrei Pavel<br \/>\nCup\u0219a Gabriel<br \/>\nCosmin Cobasa<br \/>\n\u0218tefan Danifeld<br \/>\nSergiu Tompa<br \/>\nAdetu Mihai<\/p>\n<p><strong>Harp\u0103<\/strong><br \/>\nMiruna Vidican<br \/>\nAdriana C\u00eel\u021bea<\/p>\n<\/div><\/div>\n<div class=\"su-column su-column-size-1-6\"><div class=\"su-column-inner su-u-clearfix su-u-trim\">\n<strong>Flaut<\/strong><br \/>\nLeonte Oana<br \/>\nAlexandru Rebreanu<br \/>\nTeodora Ducariu<br \/>\nAnna Szall\u00f3s Kis<br \/>\nPetra Pana<br \/>\nOana B\u0103descu<\/p>\n<p><strong>Trompet\u0103<\/strong><br \/>\nCornel Meici<br \/>\nBarbu Bogdan<br \/>\nIonel Laz\u0103r<br \/>\nGabriel Gyarmati<br \/>\nAndrei Candrianu<br \/>\nIosif Satm\u0103rean<br \/>\nDumitru Cernei<br \/>\nMarius Suciu<br \/>\nAlex Mavroianu<\/p>\n<p><strong>Pian\/Celest\u0103<\/strong><br \/>\nRaluca Ouatu<br \/>\nIulian Ochescu<\/p>\n<\/div><\/div>\n<div class=\"su-column su-column-size-1-6\"><div class=\"su-column-inner su-u-clearfix su-u-trim\">\n<strong>Oboi<\/strong><br \/>\nAdrian Cioban<br \/>\nBence Haaz<br \/>\nEmin Curtgeafar<br \/>\nCsenge Adorjani<br \/>\nCristina Ordean<br \/>\nHary Noemi<\/p>\n<p><strong>Trombon<\/strong><br \/>\nLeonard Neam\u021b<br \/>\nDene\u0219 Fabian<br \/>\nCiprian Partenie<\/p>\n<\/div><\/div>\n<\/div>\n<div class=\"su-row\"><div class=\"su-custom-gallery su-custom-gallery-align-left su-custom-gallery-title-hover su-lightbox-gallery\"><div class=\"su-custom-gallery-slide\" style=\"width:220px;height:160px\"><a href=\"https:\/\/tinerimearomana.ro\/orchestra-romana-tineret\/wp-content\/uploads\/sites\/4\/2014\/11\/muzicieni8.jpg\" title=\"muzicieni8\"><img decoding=\"async\" src=\"https:\/\/tinerimearomana.ro\/orchestra-romana-tineret\/wp-content\/uploads\/sites\/4\/2014\/11\/muzicieni8.jpg\" alt=\"muzicieni8\" width=\"220\" height=\"160\" \/><span class=\"su-custom-gallery-title\">muzicieni8<\/span><\/a><\/div><div class=\"su-custom-gallery-slide\" style=\"width:220px;height:160px\"><a href=\"https:\/\/tinerimearomana.ro\/orchestra-romana-tineret\/wp-content\/uploads\/sites\/4\/2014\/11\/muzicieni7.jpg\" title=\"muzicieni7\"><img decoding=\"async\" src=\"https:\/\/tinerimearomana.ro\/orchestra-romana-tineret\/wp-content\/uploads\/sites\/4\/2014\/11\/muzicieni7.jpg\" alt=\"muzicieni7\" width=\"220\" height=\"160\" \/><span class=\"su-custom-gallery-title\">muzicieni7<\/span><\/a><\/div><div class=\"su-custom-gallery-slide\" style=\"width:220px;height:160px\"><a href=\"https:\/\/tinerimearomana.ro\/orchestra-romana-tineret\/wp-content\/uploads\/sites\/4\/2014\/11\/muzicieni6.jpg\" title=\"muzicieni6\"><img decoding=\"async\" src=\"https:\/\/tinerimearomana.ro\/orchestra-romana-tineret\/wp-content\/uploads\/sites\/4\/2014\/11\/muzicieni6.jpg\" alt=\"muzicieni6\" width=\"220\" height=\"160\" \/><span class=\"su-custom-gallery-title\">muzicieni6<\/span><\/a><\/div><div class=\"su-custom-gallery-slide\" style=\"width:220px;height:160px\"><a href=\"https:\/\/tinerimearomana.ro\/orchestra-romana-tineret\/wp-content\/uploads\/sites\/4\/2014\/11\/muzicieni3.jpg\" title=\"muzicieni3\"><img loading=\"lazy\" decoding=\"async\" src=\"https:\/\/tinerimearomana.ro\/orchestra-romana-tineret\/wp-content\/uploads\/sites\/4\/2014\/11\/muzicieni3.jpg\" alt=\"muzicieni3\" width=\"220\" height=\"160\" \/><span class=\"su-custom-gallery-title\">muzicieni3<\/span><\/a><\/div><div class=\"su-custom-gallery-slide\" style=\"width:220px;height:160px\"><a href=\"https:\/\/tinerimearomana.ro\/orchestra-romana-tineret\/wp-content\/uploads\/sites\/4\/2014\/11\/muzicieni2.jpg\" title=\"muzicieni2\"><img loading=\"lazy\" decoding=\"async\" src=\"https:\/\/tinerimearomana.ro\/orchestra-romana-tineret\/wp-content\/uploads\/sites\/4\/2014\/11\/muzicieni2.jpg\" alt=\"muzicieni2\" width=\"220\" height=\"160\" \/><span class=\"su-custom-gallery-title\">muzicieni2<\/span><\/a><\/div><div class=\"su-clear\"><\/div><\/div><\/div><div class=\"su-row\"><\/div>\n<div class=\"su-column su-column-size-1-6\"><div class=\"su-column-inner su-u-clearfix su-u-trim\"><\/div><\/div>\n","protected":false},"excerpt":{"rendered":"","protected":false},"author":1,"featured_media":181,"parent":6,"menu_order":0,"comment_status":"closed","ping_status":"closed","template":"","meta":{"_kad_post_transparent":"default","_kad_post_title":"default","_kad_post_layout":"default","_kad_post_sidebar_id":"","_kad_post_content_style":"default","_kad_post_vertical_padding":"default","_kad_post_feature":"","_kad_post_feature_position":"","_kad_post_header":false,"_kad_post_footer":false,"_kad_post_classname":"","footnotes":""},"class_list":["post-139","page","type-page","status-publish","has-post-thumbnail","hentry"],"_links":{"self":[{"href":"https:\/\/tinerimearomana.ro\/orchestra-romana-tineret\/wp-json\/wp\/v2\/pages\/139"}],"collection":[{"href":"https:\/\/tinerimearomana.ro\/orchestra-romana-tineret\/wp-json\/wp\/v2\/pages"}],"about":[{"href":"https:\/\/tinerimearomana.ro\/orchestra-romana-tineret\/wp-json\/wp\/v2\/types\/page"}],"author":[{"embeddable":true,"href":"https:\/\/tinerimearomana.ro\/orchestra-romana-tineret\/wp-json\/wp\/v2\/users\/1"}],"replies":[{"embeddable":true,"href":"https:\/\/tinerimearomana.ro\/orchestra-romana-tineret\/wp-json\/wp\/v2\/comments?post=139"}],"version-history":[{"count":22,"href":"https:\/\/tinerimearomana.ro\/orchestra-romana-tineret\/wp-json\/wp\/v2\/pages\/139\/revisions"}],"predecessor-version":[{"id":2786,"href":"https:\/\/tinerimearomana.ro\/orchestra-romana-tineret\/wp-json\/wp\/v2\/pages\/139\/revisions\/2786"}],"up":[{"embeddable":true,"href":"https:\/\/tinerimearomana.ro\/orchestra-romana-tineret\/wp-json\/wp\/v2\/pages\/6"}],"wp:featuredmedia":[{"embeddable":true,"href":"https:\/\/tinerimearomana.ro\/orchestra-romana-tineret\/wp-json\/wp\/v2\/media\/181"}],"wp:attachment":[{"href":"https:\/\/tinerimearomana.ro\/orchestra-romana-tineret\/wp-json\/wp\/v2\/media?parent=139"}],"curies":[{"name":"wp","href":"https:\/\/api.w.org\/{rel}","templated":true}]}}