{"id":137,"date":"2014-11-13T15:09:26","date_gmt":"2014-11-13T15:09:26","guid":{"rendered":"http:\/\/tinerimearomana.ro\/orchestra-romana-tineret\/?page_id=137"},"modified":"2023-03-18T09:47:21","modified_gmt":"2023-03-18T09:47:21","slug":"dirijor","status":"publish","type":"page","link":"https:\/\/tinerimearomana.ro\/orchestra-romana-tineret\/despre-noi\/dirijor\/","title":{"rendered":"DIRIJOR PRINCIPAL"},"content":{"rendered":"<div class=\"su-row\">\n<div class=\"su-animate\" style=\"opacity:0;-webkit-animation-duration:1.5s;-webkit-animation-delay:0.3s;animation-duration:1.5s;animation-delay:0.3s;\" data-animation=\"fadeInLeft\" data-duration=\"1.5\" data-delay=\"0.3\">\n<div class=\"su-box su-box-style-default\" id=\"\" style=\"border-color:#cbbc79;border-radius:3px;\"><div class=\"su-box-title\" style=\"background-color:#feefac;color:#ab0000;border-top-left-radius:1px;border-top-right-radius:1px\">CRISTIAN MANDEAL<\/div><div class=\"su-box-content su-u-clearfix su-u-trim\" style=\"border-bottom-left-radius:1px;border-bottom-right-radius:1px\">\n<div class=\"su-column su-column-size-2-5\"><div class=\"su-column-inner su-u-clearfix su-u-trim\">\n<p><a href=\"http:\/\/tinerimearomana.ro\/orchestra-romana-tineret\/wp-content\/uploads\/sites\/4\/2014\/11\/Cristian-Mandeal2.jpg\"><img fetchpriority=\"high\" decoding=\"async\" class=\"alignleft size-full wp-image-644\" src=\"http:\/\/tinerimearomana.ro\/orchestra-romana-tineret\/wp-content\/uploads\/sites\/4\/2014\/11\/Cristian-Mandeal2.jpg\" alt=\"Cristian-Mandeal\" width=\"460\" height=\"264\" srcset=\"https:\/\/tinerimearomana.ro\/orchestra-romana-tineret\/wp-content\/uploads\/sites\/4\/2014\/11\/Cristian-Mandeal2.jpg 460w, https:\/\/tinerimearomana.ro\/orchestra-romana-tineret\/wp-content\/uploads\/sites\/4\/2014\/11\/Cristian-Mandeal2-300x172.jpg 300w\" sizes=\"(max-width: 460px) 100vw, 460px\" \/><\/a><br \/>\n<\/div><\/div>\n<div class=\"su-column su-column-size-3-5\"><div class=\"su-column-inner su-u-clearfix su-u-trim\">\n<p style=\"text-indent: 50px;\">\u00cen cei peste 40 de ani de activitate dirijoral\u0103 ne\u00eentrerupt\u0103, Cristian Mandeal \u015fi-a exercitat profesia at\u00e2t \u00een str\u0103in\u0103tate, c\u00e2t mai ales \u00een Rom\u00e2nia. Ca Dirijor Principal \u015fi Director General al Filarmonicii \u201eGeorge Enescu\u201d (1991 \u2013 2009) a ridicat nivelul acesteia la cote deosebit de \u00eenalte, l\u0103s\u00e2nd \u00een urm\u0103 o institu\u0163ie \u2013 etalon pentru Rom\u00e2nia. Au avut loc peste 30 de turnee at\u00e2t \u00een Europa, c\u00e2t \u015fi \u00een Asia. S-a realizat o discografie relevant\u0103 pe CD \u015fi DVD, printre care integralele Enescu \u015fi Brahms. Au avut loc o mare serie de concerte-eveniment de r\u0103sunet na\u0163ional \u015fi interna\u0163ional \u015fi o constant\u0103 participare la toate edi\u0163iile Festivalului Enescu.<\/p>\n<p style=\"text-indent: 50px;\">\u00cen str\u0103in\u0103tate, Cristian Mandeal a dirijat sute de concerte ca invitat a zeci de orchestre, pe 4 continente, \u00een 35 de \u0163\u0103ri \u015fi 31 de capitale. A participat la multe festivaluri interna\u0163ionale de prestigiu \u00een compania celor mai reputa\u0163i soli\u015fti ai contemporaneit\u0103\u0163ii.<\/p>\n<p style=\"text-indent: 50px;\">A fost Director Artistic al Northern Israelian Orchestra \u2013 Haifa (1999 \u2013 2002) \u015fi la Orchestra Na\u0163ional\u0103 Basc\u0103 \u2013 San Sebastian (2001 \u2013 2008), Dirijor Permanent la Orchestra Haydn din Bolzano e Trento (2000 \u2013 2003), Dirijor Oaspete Principal al Orchestrei Hall\u00e9 Manchester (2003 \u2013 2008) \u2013 primul de\u0163in\u0103tor al acestui titlu \u00een \u00eentreaga existen\u0163\u0103 de 150 de ani a acestei orchestre, al Filarmonicii din Belgrad (stagiunea 2006 \u2013 2007) \u015fi al Filarmonicii din Copenhaga (2006 \u2013 prezent).<\/p>\n<p style=\"text-indent: 50px;\">Cristian Mandeal a dirijat peste 60 de prime audi\u0163ii absolute. \u00cen special ale compozitorilor rom\u00e2ni, dar \u015fi str\u0103ini, o parte dintre acestea fiindu-i dedicate. Este un promotor neobosit al lui George Enescu, program\u00e2ndu-i muzica pe toate meridianele. Printre altele a realizat opera Oedipe \u00een prim\u0103 audi\u0163ie britanic\u0103 (Festivalul de la Edinburgh 2002) \u015fi italian\u0103 (Teatro Lirico di Cagliari 2005). Din 2008 este Pre\u015fedintele Societ\u0103\u0163ii George Enescu din Londra. Un punct de mare interes \u00een ultima perioad\u0103 de activitate a lui Cristian Mandeal \u00eel reprezint\u0103 colaborarea cu Orchestra Rom\u00e2n\u0103 de Tineret pe care o cultiv\u0103, educ\u0103 \u015fi dirijeaz\u0103 constant \u00eencep\u00e2nd din 2008.<\/p>\n<\/div><\/div>\n<\/div><\/div> <\/div>\n<\/div><div class=\"su-row\"><\/div>\n","protected":false},"excerpt":{"rendered":"","protected":false},"author":1,"featured_media":2140,"parent":6,"menu_order":0,"comment_status":"open","ping_status":"closed","template":"","meta":{"_kad_post_transparent":"default","_kad_post_title":"default","_kad_post_layout":"default","_kad_post_sidebar_id":"","_kad_post_content_style":"default","_kad_post_vertical_padding":"default","_kad_post_feature":"","_kad_post_feature_position":"","_kad_post_header":false,"_kad_post_footer":false,"_kad_post_classname":"","footnotes":""},"class_list":["post-137","page","type-page","status-publish","has-post-thumbnail","hentry"],"_links":{"self":[{"href":"https:\/\/tinerimearomana.ro\/orchestra-romana-tineret\/wp-json\/wp\/v2\/pages\/137"}],"collection":[{"href":"https:\/\/tinerimearomana.ro\/orchestra-romana-tineret\/wp-json\/wp\/v2\/pages"}],"about":[{"href":"https:\/\/tinerimearomana.ro\/orchestra-romana-tineret\/wp-json\/wp\/v2\/types\/page"}],"author":[{"embeddable":true,"href":"https:\/\/tinerimearomana.ro\/orchestra-romana-tineret\/wp-json\/wp\/v2\/users\/1"}],"replies":[{"embeddable":true,"href":"https:\/\/tinerimearomana.ro\/orchestra-romana-tineret\/wp-json\/wp\/v2\/comments?post=137"}],"version-history":[{"count":12,"href":"https:\/\/tinerimearomana.ro\/orchestra-romana-tineret\/wp-json\/wp\/v2\/pages\/137\/revisions"}],"predecessor-version":[{"id":2724,"href":"https:\/\/tinerimearomana.ro\/orchestra-romana-tineret\/wp-json\/wp\/v2\/pages\/137\/revisions\/2724"}],"up":[{"embeddable":true,"href":"https:\/\/tinerimearomana.ro\/orchestra-romana-tineret\/wp-json\/wp\/v2\/pages\/6"}],"wp:featuredmedia":[{"embeddable":true,"href":"https:\/\/tinerimearomana.ro\/orchestra-romana-tineret\/wp-json\/wp\/v2\/media\/2140"}],"wp:attachment":[{"href":"https:\/\/tinerimearomana.ro\/orchestra-romana-tineret\/wp-json\/wp\/v2\/media?parent=137"}],"curies":[{"name":"wp","href":"https:\/\/api.w.org\/{rel}","templated":true}]}}